{"id":422,"date":"2025-02-04T19:25:32","date_gmt":"2025-02-04T18:25:32","guid":{"rendered":"http:\/\/localhost\/PROJET%20SUM\/?page_id=422"},"modified":"2025-02-21T22:08:29","modified_gmt":"2025-02-21T21:08:29","slug":"entrepreneuriat","status":"publish","type":"page","link":"https:\/\/www.sum-internationale-rdc.org\/?page_id=422","title":{"rendered":"Entrepreneuriat"},"content":{"rendered":"\n<p><em>La Solidarit\u00e9 Universelle dans le Monde Internationale, dans le monde entrepreneurial elle aligne des hommes et des  femmes entrepreneur(e)s qui jouent un r\u00f4le important dans le d\u00e9veloppement \u00e9conomique, mais aussi dans la transformation de la soci\u00e9t\u00e9. Ils proposent des solutions aux probl\u00e8mes de la soci\u00e9t\u00e9, ils innovent, cr\u00e9ent des emplois et contribuent \u00e0 l&rsquo;\u00e9conomie du pays.<\/em><\/p>\n\n\n\n<p class=\"has-text-align-left\"><em>L&rsquo;entrepreneuriat des femmes est un levier d&rsquo;autonomisation. En prenant leur destin \u00e9conomique en main, ces femmes renforcent leur confiance et sont en mesure de se positionner comme des leaders dans leurs communaut\u00e9s.<\/em><\/p>\n\n\n\n<p><em>La SUM Internationale \u00e9tant une organisation bien structur\u00e9e, dans son d\u00e9partement de l&rsquo;entrepreneuriat elle a promu plus de 100 entreprises dans la ville de Matadi<\/em> <em>dans la province du Kongo Central<\/em>.<\/p>\n\n\n\n<figure class=\"wp-block-gallery has-nested-images columns-default is-cropped wp-block-gallery-1 is-layout-flex wp-block-gallery-is-layout-flex\">\n<figure class=\"wp-block-image size-large\"><img  title=\"\" loading=\"lazy\" decoding=\"async\" width=\"1024\" height=\"461\" data-id=\"491\" src=\"http:\/\/localhost\/PROJET%20SUM\/wp-content\/uploads\/2025\/02\/IMG-20241231-WA0009-1024x461.jpg\"  alt=\"IMG-20241231-WA0009-1024x461 Entrepreneuriat\"  class=\"wp-image-491\" srcset=\"https:\/\/www.sum-internationale-rdc.org\/wp-content\/uploads\/2025\/02\/IMG-20241231-WA0009-1024x461.jpg 1024w, https:\/\/www.sum-internationale-rdc.org\/wp-content\/uploads\/2025\/02\/IMG-20241231-WA0009-300x135.jpg 300w, https:\/\/www.sum-internationale-rdc.org\/wp-content\/uploads\/2025\/02\/IMG-20241231-WA0009-768x346.jpg 768w, https:\/\/www.sum-internationale-rdc.org\/wp-content\/uploads\/2025\/02\/IMG-20241231-WA0009.jpg 1080w\" sizes=\"auto, (max-width: 1024px) 100vw, 1024px\" \/><\/figure>\n<\/figure>\n","protected":false},"excerpt":{"rendered":"<p>La Solidarit\u00e9 Universelle dans le Monde Internationale, dans le monde entrepreneurial elle aligne des hommes et des femmes entrepreneur(e)s qui jouent un r\u00f4le important dans le d\u00e9veloppement \u00e9conomique, mais aussi dans la transformation de la soci\u00e9t\u00e9. Ils proposent des solutions aux probl\u00e8mes de la soci\u00e9t\u00e9, ils innovent, cr\u00e9ent des emplois et contribuent \u00e0 l&rsquo;\u00e9conomie du [&hellip;]<\/p>\n","protected":false},"author":1,"featured_media":0,"parent":0,"menu_order":0,"comment_status":"closed","ping_status":"closed","template":"","meta":{"footnotes":""},"class_list":["post-422","page","type-page","status-publish","hentry"],"yoast_head":"<!-- This site is optimized with the Yoast SEO plugin v27.5 - https:\/\/yoast.com\/product\/yoast-seo-wordpress\/ -->\n<title>Entrepreneuriat - Solidarit\u00e9 Universelle dans le Monde<\/title>\n<meta name=\"robots\" content=\"index, follow, max-snippet:-1, max-image-preview:large, max-video-preview:-1\" \/>\n<link rel=\"canonical\" href=\"https:\/\/www.sum-internationale-rdc.org\/?page_id=422\" \/>\n<meta property=\"og:locale\" content=\"fr_FR\" \/>\n<meta property=\"og:type\" content=\"article\" \/>\n<meta property=\"og:title\" content=\"Entrepreneuriat - Solidarit\u00e9 Universelle dans le Monde\" \/>\n<meta property=\"og:description\" content=\"La Solidarit\u00e9 Universelle dans le Monde Internationale, dans le monde entrepreneurial elle aligne des hommes et des femmes entrepreneur(e)s qui jouent un r\u00f4le important dans le d\u00e9veloppement \u00e9conomique, mais aussi dans la transformation de la soci\u00e9t\u00e9. Ils proposent des solutions aux probl\u00e8mes de la soci\u00e9t\u00e9, ils innovent, cr\u00e9ent des emplois et contribuent \u00e0 l&rsquo;\u00e9conomie du [&hellip;]\" \/>\n<meta property=\"og:url\" content=\"https:\/\/www.sum-internationale-rdc.org\/?page_id=422\" \/>\n<meta property=\"og:site_name\" content=\"Solidarit\u00e9 Universelle dans le Monde\" \/>\n<meta property=\"article:publisher\" content=\"https:\/\/web.facebook.com\/people\/Solidarit-Universelle-dans-le-Monde-SUM\/61561887928109\/?rdid=4gDODy6RSZp48ASv&amp;share_url=httpsweb.facebook.comshare1KUWq8e7VN_rdc1_rdr\" \/>\n<meta property=\"article:modified_time\" content=\"2025-02-21T21:08:29+00:00\" \/>\n<meta property=\"og:image\" content=\"http:\/\/localhost\/PROJET%20SUM\/wp-content\/uploads\/2025\/02\/IMG-20241231-WA0009-1024x461.jpg\" \/>\n<meta name=\"twitter:card\" content=\"summary_large_image\" \/>\n<meta name=\"twitter:label1\" content=\"Dur\u00e9e de lecture estim\u00e9e\" \/>\n\t<meta name=\"twitter:data1\" content=\"1 minute\" \/>\n<script type=\"application\/ld+json\" class=\"yoast-schema-graph\">{\"@context\":\"https:\\\/\\\/schema.org\",\"@graph\":[{\"@type\":\"WebPage\",\"@id\":\"https:\\\/\\\/www.sum-internationale-rdc.org\\\/?page_id=422\",\"url\":\"https:\\\/\\\/www.sum-internationale-rdc.org\\\/?page_id=422\",\"name\":\"Entrepreneuriat - Solidarit\u00e9 Universelle dans le Monde\",\"isPartOf\":{\"@id\":\"https:\\\/\\\/www.sum-internationale-rdc.org\\\/#website\"},\"primaryImageOfPage\":{\"@id\":\"https:\\\/\\\/www.sum-internationale-rdc.org\\\/?page_id=422#primaryimage\"},\"image\":{\"@id\":\"https:\\\/\\\/www.sum-internationale-rdc.org\\\/?page_id=422#primaryimage\"},\"thumbnailUrl\":\"http:\\\/\\\/localhost\\\/PROJET%20SUM\\\/wp-content\\\/uploads\\\/2025\\\/02\\\/IMG-20241231-WA0009-1024x461.jpg\",\"datePublished\":\"2025-02-04T18:25:32+00:00\",\"dateModified\":\"2025-02-21T21:08:29+00:00\",\"breadcrumb\":{\"@id\":\"https:\\\/\\\/www.sum-internationale-rdc.org\\\/?page_id=422#breadcrumb\"},\"inLanguage\":\"fr-FR\",\"potentialAction\":[{\"@type\":\"ReadAction\",\"target\":[\"https:\\\/\\\/www.sum-internationale-rdc.org\\\/?page_id=422\"]}]},{\"@type\":\"ImageObject\",\"inLanguage\":\"fr-FR\",\"@id\":\"https:\\\/\\\/www.sum-internationale-rdc.org\\\/?page_id=422#primaryimage\",\"url\":\"http:\\\/\\\/localhost\\\/PROJET%20SUM\\\/wp-content\\\/uploads\\\/2025\\\/02\\\/IMG-20241231-WA0009-1024x461.jpg\",\"contentUrl\":\"http:\\\/\\\/localhost\\\/PROJET%20SUM\\\/wp-content\\\/uploads\\\/2025\\\/02\\\/IMG-20241231-WA0009-1024x461.jpg\"},{\"@type\":\"BreadcrumbList\",\"@id\":\"https:\\\/\\\/www.sum-internationale-rdc.org\\\/?page_id=422#breadcrumb\",\"itemListElement\":[{\"@type\":\"ListItem\",\"position\":1,\"name\":\"Accueil\",\"item\":\"https:\\\/\\\/www.sum-internationale-rdc.org\\\/\"},{\"@type\":\"ListItem\",\"position\":2,\"name\":\"Entrepreneuriat\"}]},{\"@type\":\"WebSite\",\"@id\":\"https:\\\/\\\/www.sum-internationale-rdc.org\\\/#website\",\"url\":\"https:\\\/\\\/www.sum-internationale-rdc.org\\\/\",\"name\":\"Solidarit\u00e9 Universelle dans le Monde\",\"description\":\"Par nos actions, d\u00e9veloppons notre communaut\u00e9.\",\"publisher\":{\"@id\":\"https:\\\/\\\/www.sum-internationale-rdc.org\\\/#organization\"},\"potentialAction\":[{\"@type\":\"SearchAction\",\"target\":{\"@type\":\"EntryPoint\",\"urlTemplate\":\"https:\\\/\\\/www.sum-internationale-rdc.org\\\/?s={search_term_string}\"},\"query-input\":{\"@type\":\"PropertyValueSpecification\",\"valueRequired\":true,\"valueName\":\"search_term_string\"}}],\"inLanguage\":\"fr-FR\"},{\"@type\":\"Organization\",\"@id\":\"https:\\\/\\\/www.sum-internationale-rdc.org\\\/#organization\",\"name\":\"Solidarit\u00e9 Universelle dans le Monde\",\"url\":\"https:\\\/\\\/www.sum-internationale-rdc.org\\\/\",\"logo\":{\"@type\":\"ImageObject\",\"inLanguage\":\"fr-FR\",\"@id\":\"https:\\\/\\\/www.sum-internationale-rdc.org\\\/#\\\/schema\\\/logo\\\/image\\\/\",\"url\":\"https:\\\/\\\/www.sum-internationale-rdc.org\\\/wp-content\\\/uploads\\\/2024\\\/12\\\/cropped-IMG-20240701-WA0002.jpg\",\"contentUrl\":\"https:\\\/\\\/www.sum-internationale-rdc.org\\\/wp-content\\\/uploads\\\/2024\\\/12\\\/cropped-IMG-20240701-WA0002.jpg\",\"width\":712,\"height\":688,\"caption\":\"Solidarit\u00e9 Universelle dans le Monde\"},\"image\":{\"@id\":\"https:\\\/\\\/www.sum-internationale-rdc.org\\\/#\\\/schema\\\/logo\\\/image\\\/\"},\"sameAs\":[\"https:\\\/\\\/web.facebook.com\\\/people\\\/Solidarit-Universelle-dans-le-Monde-SUM\\\/61561887928109\\\/?rdid=4gDODy6RSZp48ASv&share_url=httpsweb.facebook.comshare1KUWq8e7VN_rdc1_rdr\"]}]}<\/script>\n<!-- \/ Yoast SEO plugin. -->","yoast_head_json":{"title":"Entrepreneuriat - Solidarit\u00e9 Universelle dans le Monde","robots":{"index":"index","follow":"follow","max-snippet":"max-snippet:-1","max-image-preview":"max-image-preview:large","max-video-preview":"max-video-preview:-1"},"canonical":"https:\/\/www.sum-internationale-rdc.org\/?page_id=422","og_locale":"fr_FR","og_type":"article","og_title":"Entrepreneuriat - Solidarit\u00e9 Universelle dans le Monde","og_description":"La Solidarit\u00e9 Universelle dans le Monde Internationale, dans le monde entrepreneurial elle aligne des hommes et des femmes entrepreneur(e)s qui jouent un r\u00f4le important dans le d\u00e9veloppement \u00e9conomique, mais aussi dans la transformation de la soci\u00e9t\u00e9. Ils proposent des solutions aux probl\u00e8mes de la soci\u00e9t\u00e9, ils innovent, cr\u00e9ent des emplois et contribuent \u00e0 l&rsquo;\u00e9conomie du [&hellip;]","og_url":"https:\/\/www.sum-internationale-rdc.org\/?page_id=422","og_site_name":"Solidarit\u00e9 Universelle dans le Monde","article_publisher":"https:\/\/web.facebook.com\/people\/Solidarit-Universelle-dans-le-Monde-SUM\/61561887928109\/?rdid=4gDODy6RSZp48ASv&share_url=httpsweb.facebook.comshare1KUWq8e7VN_rdc1_rdr","article_modified_time":"2025-02-21T21:08:29+00:00","og_image":[{"url":"http:\/\/localhost\/PROJET%20SUM\/wp-content\/uploads\/2025\/02\/IMG-20241231-WA0009-1024x461.jpg","type":"","width":"","height":""}],"twitter_card":"summary_large_image","twitter_misc":{"Dur\u00e9e de lecture estim\u00e9e":"1 minute"},"schema":{"@context":"https:\/\/schema.org","@graph":[{"@type":"WebPage","@id":"https:\/\/www.sum-internationale-rdc.org\/?page_id=422","url":"https:\/\/www.sum-internationale-rdc.org\/?page_id=422","name":"Entrepreneuriat - Solidarit\u00e9 Universelle dans le Monde","isPartOf":{"@id":"https:\/\/www.sum-internationale-rdc.org\/#website"},"primaryImageOfPage":{"@id":"https:\/\/www.sum-internationale-rdc.org\/?page_id=422#primaryimage"},"image":{"@id":"https:\/\/www.sum-internationale-rdc.org\/?page_id=422#primaryimage"},"thumbnailUrl":"http:\/\/localhost\/PROJET%20SUM\/wp-content\/uploads\/2025\/02\/IMG-20241231-WA0009-1024x461.jpg","datePublished":"2025-02-04T18:25:32+00:00","dateModified":"2025-02-21T21:08:29+00:00","breadcrumb":{"@id":"https:\/\/www.sum-internationale-rdc.org\/?page_id=422#breadcrumb"},"inLanguage":"fr-FR","potentialAction":[{"@type":"ReadAction","target":["https:\/\/www.sum-internationale-rdc.org\/?page_id=422"]}]},{"@type":"ImageObject","inLanguage":"fr-FR","@id":"https:\/\/www.sum-internationale-rdc.org\/?page_id=422#primaryimage","url":"http:\/\/localhost\/PROJET%20SUM\/wp-content\/uploads\/2025\/02\/IMG-20241231-WA0009-1024x461.jpg","contentUrl":"http:\/\/localhost\/PROJET%20SUM\/wp-content\/uploads\/2025\/02\/IMG-20241231-WA0009-1024x461.jpg"},{"@type":"BreadcrumbList","@id":"https:\/\/www.sum-internationale-rdc.org\/?page_id=422#breadcrumb","itemListElement":[{"@type":"ListItem","position":1,"name":"Accueil","item":"https:\/\/www.sum-internationale-rdc.org\/"},{"@type":"ListItem","position":2,"name":"Entrepreneuriat"}]},{"@type":"WebSite","@id":"https:\/\/www.sum-internationale-rdc.org\/#website","url":"https:\/\/www.sum-internationale-rdc.org\/","name":"Solidarit\u00e9 Universelle dans le Monde","description":"Par nos actions, d\u00e9veloppons notre communaut\u00e9.","publisher":{"@id":"https:\/\/www.sum-internationale-rdc.org\/#organization"},"potentialAction":[{"@type":"SearchAction","target":{"@type":"EntryPoint","urlTemplate":"https:\/\/www.sum-internationale-rdc.org\/?s={search_term_string}"},"query-input":{"@type":"PropertyValueSpecification","valueRequired":true,"valueName":"search_term_string"}}],"inLanguage":"fr-FR"},{"@type":"Organization","@id":"https:\/\/www.sum-internationale-rdc.org\/#organization","name":"Solidarit\u00e9 Universelle dans le Monde","url":"https:\/\/www.sum-internationale-rdc.org\/","logo":{"@type":"ImageObject","inLanguage":"fr-FR","@id":"https:\/\/www.sum-internationale-rdc.org\/#\/schema\/logo\/image\/","url":"https:\/\/www.sum-internationale-rdc.org\/wp-content\/uploads\/2024\/12\/cropped-IMG-20240701-WA0002.jpg","contentUrl":"https:\/\/www.sum-internationale-rdc.org\/wp-content\/uploads\/2024\/12\/cropped-IMG-20240701-WA0002.jpg","width":712,"height":688,"caption":"Solidarit\u00e9 Universelle dans le Monde"},"image":{"@id":"https:\/\/www.sum-internationale-rdc.org\/#\/schema\/logo\/image\/"},"sameAs":["https:\/\/web.facebook.com\/people\/Solidarit-Universelle-dans-le-Monde-SUM\/61561887928109\/?rdid=4gDODy6RSZp48ASv&share_url=httpsweb.facebook.comshare1KUWq8e7VN_rdc1_rdr"]}]}},"_links":{"self":[{"href":"https:\/\/www.sum-internationale-rdc.org\/index.php?rest_route=\/wp\/v2\/pages\/422","targetHints":{"allow":["GET"]}}],"collection":[{"href":"https:\/\/www.sum-internationale-rdc.org\/index.php?rest_route=\/wp\/v2\/pages"}],"about":[{"href":"https:\/\/www.sum-internationale-rdc.org\/index.php?rest_route=\/wp\/v2\/types\/page"}],"author":[{"embeddable":true,"href":"https:\/\/www.sum-internationale-rdc.org\/index.php?rest_route=\/wp\/v2\/users\/1"}],"replies":[{"embeddable":true,"href":"https:\/\/www.sum-internationale-rdc.org\/index.php?rest_route=%2Fwp%2Fv2%2Fcomments&post=422"}],"version-history":[{"count":6,"href":"https:\/\/www.sum-internationale-rdc.org\/index.php?rest_route=\/wp\/v2\/pages\/422\/revisions"}],"predecessor-version":[{"id":492,"href":"https:\/\/www.sum-internationale-rdc.org\/index.php?rest_route=\/wp\/v2\/pages\/422\/revisions\/492"}],"wp:attachment":[{"href":"https:\/\/www.sum-internationale-rdc.org\/index.php?rest_route=%2Fwp%2Fv2%2Fmedia&parent=422"}],"curies":[{"name":"wp","href":"https:\/\/api.w.org\/{rel}","templated":true}]}}