{"id":244,"date":"2025-01-08T04:22:09","date_gmt":"2025-01-08T03:22:09","guid":{"rendered":"http:\/\/localhost\/PROJET%20SUM\/?page_id=244"},"modified":"2025-10-16T01:01:53","modified_gmt":"2025-10-15T23:01:53","slug":"qui-sommes-nous","status":"publish","type":"page","link":"https:\/\/www.sum-internationale-rdc.org\/?page_id=244","title":{"rendered":"Qui sommes-nous ?"},"content":{"rendered":"\n<p class=\"has-text-align-center\"><strong><em>PRESENTATION DE LA SUM<\/em><\/strong><\/p>\n\n\n\n<p class=\"has-text-align-left\"><em>La Solidarit\u00e9 Universelle dans le monde, en sigle \u2018\u2019 SUM \u2019\u2019 ; est une organisation non gouvernementale cr\u00e9\u00e9e \u00e0 Matadi dans le Kongo central en R\u00e9publique D\u00e9mocratique du Congo, le 13 D\u00e9cembre 2020 conform\u00e9ment \u00e0 la loi n\u00b0004\/2001 du 20 juillet 2001.<\/em><\/p>\n\n\n\n<p class=\"has-text-align-center\"><strong><em>LES OBJECTIFS<\/em><\/strong><\/p>\n\n\n\n<p> <em>La SUM \u00e9tant une ONG \u00e0 double vocation \u00e0 caract\u00e8re socio-\u00e9conomique, culturel et humanitaire ; elle a plusieurs objectifs globaux et sp\u00e9cifiques dont :<\/em><\/p>\n\n\n\n<p><em> 1. Participer activement et concr\u00e8tement \u00e0 la reconstruction sociale, et \u00e0 la formation professionnelle les plus courantes en R\u00e9publique D\u00e9mocratique du Congo, dans le cadre du programme national du gouvernement qui consiste \u00e0 redynamiser, \u00e0 construire, \u00e0 d\u00e9velopper, \u00e0 cr\u00e9er et \u00e0 moderniser les divers secteurs d\u2019activit\u00e9s dans le domaine de l\u2019\u00e9ducation, de la sant\u00e9, de l\u2019agriculture, de la p\u00eache et de l\u2019\u00e9levage, de la culturel, du transport, de l\u2019infrastructure et de l\u2019environnement ;<\/em><\/p>\n\n\n\n<p><em>2. Am\u00e9liorer les conditions de vie des enfants d\u00e9favoris\u00e9s en particulier et de la population en g\u00e9n\u00e9ral par la strat\u00e9gie du d\u00e9veloppement ;<\/em><\/p>\n\n\n\n<p><em>3. Maintenir l\u2019unit\u00e9 et la fraternit\u00e9 entre le peuple africain en g\u00e9n\u00e9ral et en particulier les congolais ;<\/em><\/p>\n\n\n\n<p><em>4. Promouvoir les actions communautaires de d\u00e9veloppement par le renforcement des capacit\u00e9s par les \u00e9changes, les informations, les appuis et la capitalisation des initiatives de d\u00e9veloppement ;<\/em><\/p>\n\n\n\n<p><em>5. Promouvoir et sauvegarder les int\u00e9r\u00eats socio-\u00e9conomiques de ses membres pour leur bien-\u00eatre social ;<\/em><\/p>\n\n\n\n<p><em>6. Renforcer l\u2019unit\u00e9 et la solidarit\u00e9 entre les jeunes des diff\u00e9rentes structures culturelle, \u00e9ducative et eccl\u00e9siastique<\/em><\/p>\n\n\n\n<p class=\"has-text-align-center\"><strong><em>NOTRE MISSION<\/em><\/strong><\/p>\n\n\n\n<p><em>La Solidarit\u00e9 Universelle dans le Monde \u2018\u2019SUM-ONG\u2019\u2019 a comme mission les diversifications des actions dans divers domaines telles que : de l\u2019\u00e9ducation, de la sant\u00e9, des formations professionnelles, de la pisciculture, de l\u2019agriculture, de l\u2019environnement, de l\u2019infrastructure, de la culture et de l\u2019\u00e9nergie.<\/em><\/p>\n\n\n\n<ol class=\"wp-block-list\">\n<li><em><strong>L\u2019\u00e9ducation : <\/strong>Encadrement des jeunes estudiantines, \u00e9colier et de la maternelle par l\u2019organisation des jeux concours, journ\u00e9es culturelles, comp\u00e9titions interscolaires et loisirs en faveur de ces derniers. &#8211; Cr\u00e9ant les \u00e9coles primaires dans des villages, centres urbains et ruraux au profil de la population d\u00e9favoris\u00e9e ; et cela dans le cadre d\u2019accompagner la mat\u00e9rialisation du programme de la gratuit\u00e9 de l\u2019enseignement en R\u00e9publique D\u00e9mocratique du Congo<\/em> ;<\/li>\n\n\n\n<li><strong><em>la Sant\u00e9 : <\/em><\/strong><em>Cr\u00e9ation des centres des sant\u00e9s et pharmacies pouvant donner de premiers soins, aux villages et centres urbains tout en encourageant la gratuit\u00e9 des filles-m\u00e8res et femmes \u00e0 la maternit\u00e9. &#8211; En cr\u00e9ant les cr\u00e8ches propres aux enfants, en encourageant les jeunes-filles de ne pas abandonner leurs enfants ;<\/em><\/li>\n\n\n\n<li><strong><em>la Scolarisation professionnelle<\/em><\/strong> : <em>en cr\u00e9ant les Centres de Formations professionnels au standard international dans les domaines tels que : de l\u2019informatique, de la coupe et couture, de la coiffure et esth\u00e9tique, de la d\u00e9coration, de la menuiserie, de la m\u00e9canique, de la construction, de la chimie alimentaire, des langues (fran\u00e7ais, anglais, portugais, allemand, espagnol, arabe et esperanto), de l\u2019agronomie, de la p\u00e8che, de l\u2019artisanal, etc\u2026.<\/em><\/li>\n\n\n\n<li><strong><em>la pisciculture :<\/em><\/strong> <em>\u00e9levage des diff\u00e9rentes esp\u00e8ces et de poisson pour couvrir les n\u00e9cessit\u00e9s (urgentes) alimentaires.<\/em><\/li>\n\n\n\n<li><strong><em>L\u2019agriculture <\/em><\/strong>: <em>culture agricole de champs avec les produits de premi\u00e8re n\u00e9cessit\u00e9 \u00e0 travers de programmes d\u2019urgences \u00ab todos jovens na cultura da sua terra \u00bb<\/em><\/li>\n<\/ol>\n\n\n\n<p><em> Tout en encourageant le d\u00e9veloppement des jeunes depuis leurs territoires juridictionnels actuel, enfin d\u2019\u00e9viter l\u2019exode de notre jeunesse pour la capital, et dans de pays d\u2019outres mer. En bannissant \u00e9galement l\u2019ancien adage congolais qui dit \u2018\u2019 Ngiele sosa luzingu ku nsi ya ba nzenza \u2018\u2019 en kikongo qui se traduit en fran\u00e7ais par, je vais \u00e0 la recherche de Eldorado \u00e0 l\u2019\u00e9tranger ; tout en ignorant, que \u2018\u2019 fulu kua yenda ko, zulu dia bua\u2019\u2019 qui se traduit par l\u2019endroit qu\u2019on a jamais arriv\u00e9, le ciel est tomb\u00e9. Parfois pour finir \u00e0 se faire noyer dans la m\u00e9diterran\u00e9en<\/em>.<\/p>\n\n\n\n<p class=\"has-text-align-center\"><strong><em>RAYONS D\u2019ACTIVITE<\/em><\/strong><\/p>\n\n\n\n<ul class=\"wp-block-list\">\n<li><em>Toute l\u2019\u00e9tendue de la R\u00e9publique D\u00e9mocratique du Congo (Province-Territoire-secteur-groupement, village) ;<\/em><\/li>\n\n\n\n<li><em>L\u2019Ext\u00e9rieur du pays (ville province et capital de pays de l\u2019\u00e9trangers et ceux d\u2019outre-mer).<\/em><\/li>\n<\/ul>\n\n\n\n<p class=\"has-text-align-center\"><em><strong>LA POPULATION VULNERABLES CIBLE<\/strong><\/em><\/p>\n\n\n\n<p><em>La plupart de nos projets seront orient\u00e9s par un encadrement des enfants orphelins et de la rue, des personnes vivant avec handicaps, des albinos, des veuves et personnes de troisi\u00e8me \u00e2ge (vieillards).<\/em><\/p>\n\n\n\n<ul class=\"wp-block-list\">\n<li><em>aux enfants orphelins et de la rue : leurs garantir un avenir meilleur \u00e0 travers notre programme PAETO (Programme d\u2019assistance \u00e0 l\u2019\u00e9ducation pour tous).<\/em><\/li>\n\n\n\n<li><em>aux personnes vivant avec handicaps : leurs aider par le programme P.A.D.P.D.A (Programme d\u2019assistance \u00e0 distance des personnes d\u00e9ficientes)<\/em><\/li>\n\n\n\n<li><em>aux Albinos : les soutenir avec des \u00e9quipements et produits d\u2019albinisme pour garantir leur peau, afin d\u2019\u00e9radiquer certains antivaleurs au profil de leur personne. &#8211; aux veuves : les accompagn\u00e9s par de formation sur l\u2019auto prise en charge afin qu\u2019elles survivent avec leurs enfants. Et les encourag\u00e9s au commerce.<\/em><\/li>\n\n\n\n<li><em>aux vieillards ou personnes de 3\u00e8me \u00e2ge : le soutenir pour qu\u2019ils (elles) vivent dans de conditions humaines \u00e0 travers le programme PABIV (Programme d\u2019assistance aux biblioth\u00e9caires vivants)<\/em>.<\/li>\n<\/ul>\n\n\n\n<div data-wp-interactive=\"core\/file\" class=\"wp-block-file\"><object data-wp-bind--hidden=\"!state.hasPdfPreview\" hidden class=\"wp-block-file__embed\" data=\"http:\/\/localhost\/PROJET%20SUM\/wp-content\/uploads\/2025\/01\/DEPLIANT-SUM.pdf\" type=\"application\/pdf\" style=\"width:100%;height:600px\" aria-label=\"Contenu embarqu\u00e9 DEPLIANT SUM.\"><\/object><a id=\"wp-block-file--media-a2ea0cac-b401-4703-b615-7173043a81a2\" href=\"http:\/\/localhost\/PROJET%20SUM\/wp-content\/uploads\/2025\/01\/DEPLIANT-SUM.pdf\">DEPLIANT SUM<\/a><a href=\"http:\/\/localhost\/PROJET%20SUM\/wp-content\/uploads\/2025\/01\/DEPLIANT-SUM.pdf\" class=\"wp-block-file__button wp-element-button\" download aria-describedby=\"wp-block-file--media-a2ea0cac-b401-4703-b615-7173043a81a2\">T\u00e9l\u00e9charger<\/a><\/div>\n\n\n\n<div data-wp-interactive=\"core\/file\" class=\"wp-block-file\"><object data-wp-bind--hidden=\"!state.hasPdfPreview\" hidden class=\"wp-block-file__embed\" data=\"http:\/\/localhost\/PROJET%20SUM\/wp-content\/uploads\/2025\/02\/Organigramme-SUM-Internationale.pdf\" type=\"application\/pdf\" style=\"width:100%;height:600px\" aria-label=\"Contenu embarqu\u00e9 Organigramme SUM Internationale.\"><\/object><a id=\"wp-block-file--media-916ced2f-5473-43d4-9d3d-f3fe04ef0a78\" href=\"http:\/\/localhost\/PROJET%20SUM\/wp-content\/uploads\/2025\/02\/Organigramme-SUM-Internationale.pdf\">Organigramme SUM Internationale<\/a><a href=\"http:\/\/localhost\/PROJET%20SUM\/wp-content\/uploads\/2025\/02\/Organigramme-SUM-Internationale.pdf\" class=\"wp-block-file__button wp-element-button\" download aria-describedby=\"wp-block-file--media-916ced2f-5473-43d4-9d3d-f3fe04ef0a78\">T\u00e9l\u00e9charger<\/a><\/div>\n","protected":false},"excerpt":{"rendered":"<p>PRESENTATION DE LA SUM La Solidarit\u00e9 Universelle dans le monde, en sigle \u2018\u2019 SUM \u2019\u2019 ; est une organisation non gouvernementale cr\u00e9\u00e9e \u00e0 Matadi dans le Kongo central en R\u00e9publique D\u00e9mocratique du Congo, le 13 D\u00e9cembre 2020 conform\u00e9ment \u00e0 la loi n\u00b0004\/2001 du 20 juillet 2001. LES OBJECTIFS La SUM \u00e9tant une ONG \u00e0 double [&hellip;]<\/p>\n","protected":false},"author":1,"featured_media":0,"parent":0,"menu_order":0,"comment_status":"closed","ping_status":"closed","template":"","meta":{"footnotes":""},"class_list":["post-244","page","type-page","status-publish","hentry"],"yoast_head":"<!-- This site is optimized with the Yoast SEO plugin v27.5 - https:\/\/yoast.com\/product\/yoast-seo-wordpress\/ -->\n<title>Qui sommes-nous ? - Solidarit\u00e9 Universelle dans le Monde<\/title>\n<meta name=\"robots\" content=\"index, follow, max-snippet:-1, max-image-preview:large, max-video-preview:-1\" \/>\n<link rel=\"canonical\" href=\"https:\/\/www.sum-internationale-rdc.org\/?page_id=244\" \/>\n<meta property=\"og:locale\" content=\"fr_FR\" \/>\n<meta property=\"og:type\" content=\"article\" \/>\n<meta property=\"og:title\" content=\"Qui sommes-nous ? - Solidarit\u00e9 Universelle dans le Monde\" \/>\n<meta property=\"og:description\" content=\"PRESENTATION DE LA SUM La Solidarit\u00e9 Universelle dans le monde, en sigle \u2018\u2019 SUM \u2019\u2019 ; est une organisation non gouvernementale cr\u00e9\u00e9e \u00e0 Matadi dans le Kongo central en R\u00e9publique D\u00e9mocratique du Congo, le 13 D\u00e9cembre 2020 conform\u00e9ment \u00e0 la loi n\u00b0004\/2001 du 20 juillet 2001. LES OBJECTIFS La SUM \u00e9tant une ONG \u00e0 double [&hellip;]\" \/>\n<meta property=\"og:url\" content=\"https:\/\/www.sum-internationale-rdc.org\/?page_id=244\" \/>\n<meta property=\"og:site_name\" content=\"Solidarit\u00e9 Universelle dans le Monde\" \/>\n<meta property=\"article:publisher\" content=\"https:\/\/web.facebook.com\/people\/Solidarit-Universelle-dans-le-Monde-SUM\/61561887928109\/?rdid=4gDODy6RSZp48ASv&amp;share_url=httpsweb.facebook.comshare1KUWq8e7VN_rdc1_rdr\" \/>\n<meta property=\"article:modified_time\" content=\"2025-10-15T23:01:53+00:00\" \/>\n<meta name=\"twitter:card\" content=\"summary_large_image\" \/>\n<meta name=\"twitter:label1\" content=\"Dur\u00e9e de lecture estim\u00e9e\" \/>\n\t<meta name=\"twitter:data1\" content=\"4 minutes\" \/>\n<script type=\"application\/ld+json\" class=\"yoast-schema-graph\">{\"@context\":\"https:\\\/\\\/schema.org\",\"@graph\":[{\"@type\":\"WebPage\",\"@id\":\"https:\\\/\\\/www.sum-internationale-rdc.org\\\/?page_id=244\",\"url\":\"https:\\\/\\\/www.sum-internationale-rdc.org\\\/?page_id=244\",\"name\":\"Qui sommes-nous ? - Solidarit\u00e9 Universelle dans le Monde\",\"isPartOf\":{\"@id\":\"https:\\\/\\\/www.sum-internationale-rdc.org\\\/#website\"},\"datePublished\":\"2025-01-08T03:22:09+00:00\",\"dateModified\":\"2025-10-15T23:01:53+00:00\",\"breadcrumb\":{\"@id\":\"https:\\\/\\\/www.sum-internationale-rdc.org\\\/?page_id=244#breadcrumb\"},\"inLanguage\":\"fr-FR\",\"potentialAction\":[{\"@type\":\"ReadAction\",\"target\":[\"https:\\\/\\\/www.sum-internationale-rdc.org\\\/?page_id=244\"]}]},{\"@type\":\"BreadcrumbList\",\"@id\":\"https:\\\/\\\/www.sum-internationale-rdc.org\\\/?page_id=244#breadcrumb\",\"itemListElement\":[{\"@type\":\"ListItem\",\"position\":1,\"name\":\"Accueil\",\"item\":\"https:\\\/\\\/www.sum-internationale-rdc.org\\\/\"},{\"@type\":\"ListItem\",\"position\":2,\"name\":\"Qui sommes-nous ?\"}]},{\"@type\":\"WebSite\",\"@id\":\"https:\\\/\\\/www.sum-internationale-rdc.org\\\/#website\",\"url\":\"https:\\\/\\\/www.sum-internationale-rdc.org\\\/\",\"name\":\"Solidarit\u00e9 Universelle dans le Monde\",\"description\":\"Par nos actions, d\u00e9veloppons notre communaut\u00e9.\",\"publisher\":{\"@id\":\"https:\\\/\\\/www.sum-internationale-rdc.org\\\/#organization\"},\"potentialAction\":[{\"@type\":\"SearchAction\",\"target\":{\"@type\":\"EntryPoint\",\"urlTemplate\":\"https:\\\/\\\/www.sum-internationale-rdc.org\\\/?s={search_term_string}\"},\"query-input\":{\"@type\":\"PropertyValueSpecification\",\"valueRequired\":true,\"valueName\":\"search_term_string\"}}],\"inLanguage\":\"fr-FR\"},{\"@type\":\"Organization\",\"@id\":\"https:\\\/\\\/www.sum-internationale-rdc.org\\\/#organization\",\"name\":\"Solidarit\u00e9 Universelle dans le Monde\",\"url\":\"https:\\\/\\\/www.sum-internationale-rdc.org\\\/\",\"logo\":{\"@type\":\"ImageObject\",\"inLanguage\":\"fr-FR\",\"@id\":\"https:\\\/\\\/www.sum-internationale-rdc.org\\\/#\\\/schema\\\/logo\\\/image\\\/\",\"url\":\"https:\\\/\\\/www.sum-internationale-rdc.org\\\/wp-content\\\/uploads\\\/2024\\\/12\\\/cropped-IMG-20240701-WA0002.jpg\",\"contentUrl\":\"https:\\\/\\\/www.sum-internationale-rdc.org\\\/wp-content\\\/uploads\\\/2024\\\/12\\\/cropped-IMG-20240701-WA0002.jpg\",\"width\":712,\"height\":688,\"caption\":\"Solidarit\u00e9 Universelle dans le Monde\"},\"image\":{\"@id\":\"https:\\\/\\\/www.sum-internationale-rdc.org\\\/#\\\/schema\\\/logo\\\/image\\\/\"},\"sameAs\":[\"https:\\\/\\\/web.facebook.com\\\/people\\\/Solidarit-Universelle-dans-le-Monde-SUM\\\/61561887928109\\\/?rdid=4gDODy6RSZp48ASv&share_url=httpsweb.facebook.comshare1KUWq8e7VN_rdc1_rdr\"]}]}<\/script>\n<!-- \/ Yoast SEO plugin. -->","yoast_head_json":{"title":"Qui sommes-nous ? - Solidarit\u00e9 Universelle dans le Monde","robots":{"index":"index","follow":"follow","max-snippet":"max-snippet:-1","max-image-preview":"max-image-preview:large","max-video-preview":"max-video-preview:-1"},"canonical":"https:\/\/www.sum-internationale-rdc.org\/?page_id=244","og_locale":"fr_FR","og_type":"article","og_title":"Qui sommes-nous ? - Solidarit\u00e9 Universelle dans le Monde","og_description":"PRESENTATION DE LA SUM La Solidarit\u00e9 Universelle dans le monde, en sigle \u2018\u2019 SUM \u2019\u2019 ; est une organisation non gouvernementale cr\u00e9\u00e9e \u00e0 Matadi dans le Kongo central en R\u00e9publique D\u00e9mocratique du Congo, le 13 D\u00e9cembre 2020 conform\u00e9ment \u00e0 la loi n\u00b0004\/2001 du 20 juillet 2001. LES OBJECTIFS La SUM \u00e9tant une ONG \u00e0 double [&hellip;]","og_url":"https:\/\/www.sum-internationale-rdc.org\/?page_id=244","og_site_name":"Solidarit\u00e9 Universelle dans le Monde","article_publisher":"https:\/\/web.facebook.com\/people\/Solidarit-Universelle-dans-le-Monde-SUM\/61561887928109\/?rdid=4gDODy6RSZp48ASv&share_url=httpsweb.facebook.comshare1KUWq8e7VN_rdc1_rdr","article_modified_time":"2025-10-15T23:01:53+00:00","twitter_card":"summary_large_image","twitter_misc":{"Dur\u00e9e de lecture estim\u00e9e":"4 minutes"},"schema":{"@context":"https:\/\/schema.org","@graph":[{"@type":"WebPage","@id":"https:\/\/www.sum-internationale-rdc.org\/?page_id=244","url":"https:\/\/www.sum-internationale-rdc.org\/?page_id=244","name":"Qui sommes-nous ? - Solidarit\u00e9 Universelle dans le Monde","isPartOf":{"@id":"https:\/\/www.sum-internationale-rdc.org\/#website"},"datePublished":"2025-01-08T03:22:09+00:00","dateModified":"2025-10-15T23:01:53+00:00","breadcrumb":{"@id":"https:\/\/www.sum-internationale-rdc.org\/?page_id=244#breadcrumb"},"inLanguage":"fr-FR","potentialAction":[{"@type":"ReadAction","target":["https:\/\/www.sum-internationale-rdc.org\/?page_id=244"]}]},{"@type":"BreadcrumbList","@id":"https:\/\/www.sum-internationale-rdc.org\/?page_id=244#breadcrumb","itemListElement":[{"@type":"ListItem","position":1,"name":"Accueil","item":"https:\/\/www.sum-internationale-rdc.org\/"},{"@type":"ListItem","position":2,"name":"Qui sommes-nous ?"}]},{"@type":"WebSite","@id":"https:\/\/www.sum-internationale-rdc.org\/#website","url":"https:\/\/www.sum-internationale-rdc.org\/","name":"Solidarit\u00e9 Universelle dans le Monde","description":"Par nos actions, d\u00e9veloppons notre communaut\u00e9.","publisher":{"@id":"https:\/\/www.sum-internationale-rdc.org\/#organization"},"potentialAction":[{"@type":"SearchAction","target":{"@type":"EntryPoint","urlTemplate":"https:\/\/www.sum-internationale-rdc.org\/?s={search_term_string}"},"query-input":{"@type":"PropertyValueSpecification","valueRequired":true,"valueName":"search_term_string"}}],"inLanguage":"fr-FR"},{"@type":"Organization","@id":"https:\/\/www.sum-internationale-rdc.org\/#organization","name":"Solidarit\u00e9 Universelle dans le Monde","url":"https:\/\/www.sum-internationale-rdc.org\/","logo":{"@type":"ImageObject","inLanguage":"fr-FR","@id":"https:\/\/www.sum-internationale-rdc.org\/#\/schema\/logo\/image\/","url":"https:\/\/www.sum-internationale-rdc.org\/wp-content\/uploads\/2024\/12\/cropped-IMG-20240701-WA0002.jpg","contentUrl":"https:\/\/www.sum-internationale-rdc.org\/wp-content\/uploads\/2024\/12\/cropped-IMG-20240701-WA0002.jpg","width":712,"height":688,"caption":"Solidarit\u00e9 Universelle dans le Monde"},"image":{"@id":"https:\/\/www.sum-internationale-rdc.org\/#\/schema\/logo\/image\/"},"sameAs":["https:\/\/web.facebook.com\/people\/Solidarit-Universelle-dans-le-Monde-SUM\/61561887928109\/?rdid=4gDODy6RSZp48ASv&share_url=httpsweb.facebook.comshare1KUWq8e7VN_rdc1_rdr"]}]}},"_links":{"self":[{"href":"https:\/\/www.sum-internationale-rdc.org\/index.php?rest_route=\/wp\/v2\/pages\/244","targetHints":{"allow":["GET"]}}],"collection":[{"href":"https:\/\/www.sum-internationale-rdc.org\/index.php?rest_route=\/wp\/v2\/pages"}],"about":[{"href":"https:\/\/www.sum-internationale-rdc.org\/index.php?rest_route=\/wp\/v2\/types\/page"}],"author":[{"embeddable":true,"href":"https:\/\/www.sum-internationale-rdc.org\/index.php?rest_route=\/wp\/v2\/users\/1"}],"replies":[{"embeddable":true,"href":"https:\/\/www.sum-internationale-rdc.org\/index.php?rest_route=%2Fwp%2Fv2%2Fcomments&post=244"}],"version-history":[{"count":5,"href":"https:\/\/www.sum-internationale-rdc.org\/index.php?rest_route=\/wp\/v2\/pages\/244\/revisions"}],"predecessor-version":[{"id":616,"href":"https:\/\/www.sum-internationale-rdc.org\/index.php?rest_route=\/wp\/v2\/pages\/244\/revisions\/616"}],"wp:attachment":[{"href":"https:\/\/www.sum-internationale-rdc.org\/index.php?rest_route=%2Fwp%2Fv2%2Fmedia&parent=244"}],"curies":[{"name":"wp","href":"https:\/\/api.w.org\/{rel}","templated":true}]}}